{"id":12528,"date":"2026-08-31T14:33:03","date_gmt":"2026-08-31T12:33:03","guid":{"rendered":"https:\/\/szachygrodzisk.pl\/?page_id=12528"},"modified":"2026-09-01T11:04:07","modified_gmt":"2026-09-01T09:04:07","slug":"zajecia-2026-27","status":"publish","type":"page","link":"https:\/\/szachygrodzisk.pl\/index.php\/zajecia-2026-27\/","title":{"rendered":"Zaj\u0119cia 2026\/27"},"content":{"rendered":"\t\t<div data-elementor-type=\"wp-page\" data-elementor-id=\"12528\" class=\"elementor elementor-12528\">\n\t\t\t\t\t\t<section class=\"elementor-section elementor-top-section elementor-element elementor-element-2d688456 elementor-section-boxed elementor-section-height-default elementor-section-height-default\" data-id=\"2d688456\" data-element_type=\"section\" data-e-type=\"section\">\n\t\t\t\t\t\t<div class=\"elementor-container elementor-column-gap-default\">\n\t\t\t\t\t<div class=\"elementor-column elementor-col-100 elementor-top-column elementor-element elementor-element-322975fb\" data-id=\"322975fb\" data-element_type=\"column\" data-e-type=\"column\">\n\t\t\t<div class=\"elementor-widget-wrap elementor-element-populated\">\n\t\t\t\t\t\t<div class=\"elementor-element elementor-element-599a85c elementor-widget elementor-widget-text-editor\" data-id=\"599a85c\" data-element_type=\"widget\" data-e-type=\"widget\" data-widget_type=\"text-editor.default\">\n\t\t\t\t<div class=\"elementor-widget-container\">\n\t\t\t\t\t\t\t\t\t<p>Poni\u017cej przestawiamy plan zaj\u0119\u0107 w roku szkolnym 2026\/27. Plan b\u0119dzie aktualizowany w miar\u0119 kolejnych ustale\u0144.<\/p><p>Zapraszamy na dzie\u0144 otwarty do Mediateki w sobot\u0119 19 wrze\u015bnia w godz. 15-17. B\u0119dzie to okazja by nas pozna\u0107, porozmawia\u0107 o szachach, o zaj\u0119ciach, zagra\u0107. Dzie\u0144 otwarty organizujemy r\u00f3wnolegle z <strong>X Mistrzostwami Grodziska Mazowieckiego Junior\u00f3w<\/strong>.<\/p><p>Cotygodniowe spotkania uzupe\u0142niamy intensywnymi weekendowymi akademiami &#8211; terminy i szczeg\u00f3\u0142y wkr\u00f3tce.<\/p><p>Lokalizacje zaj\u0119\u0107:<\/p><ul><li><a href=\"https:\/\/www.centrumkultury.eu\/mediateka\/\"><strong>Mediateka<\/strong><\/a> &#8211; ul. 3 Maja 57, ma\u0142a salka na I pi\u0119trze<\/li><li><a href=\"https:\/\/mikroszkolagrodzisk.pl\/\"><strong>Mikroszko\u0142a Grodzisk<\/strong><\/a> (nowe miejsce) &#8211; ul. Ko\u015bciuszki 28 (centrum miasta)<\/li><li><a href=\"https:\/\/sp2grodzisk.pl\/\"><strong>Szko\u0142a Podstawowa nr 2<\/strong><\/a> &#8211; ul. Westfala 3<\/li><\/ul><p>Nasze zaj\u0119cia prowadz\u0105 kompetentni, sympatyczni i zaanga\u017cowani instruktorzy:<\/p><ul><li>IM\/WGM <strong>Iweta Rajlich<\/strong> &#8211; 8-krotna Mistrzyni Polski, <a href=\"https:\/\/pl.wikipedia.org\/wiki\/Iweta_Rajlich\">info Wikipedia<\/a><\/li><li>IM <strong>Jakub Fus<\/strong> &#8211; <a href=\"https:\/\/www.szachypolskie.pl\/jakub-fus\/\">info Szachy w Polsce<\/a><\/li><li>k++ <strong>Kacper Jarz\u0119bowski<\/strong> &#8211; <a href=\"https:\/\/www.szachypolskie.pl\/kacper-jarzebowski\/\">info Szachy w Polsce<\/a><\/li><li>I++ <strong>Micha\u0142 Wierzbicki<\/strong> &#8211; <a href=\"https:\/\/www.szachypolskie.pl\/michal-wierzbicki\/\">info Szachy w Polsce<\/a><\/li><li>I++ <strong>Karol Maciaszek<\/strong> &#8211; wychowanek Szachowej Dw\u00f3jki, lider naszej dru\u017cyny juniorskiej (kilka lat temu), przygotowanie pedagogiczne do pracy z dzie\u0107mi<\/li><li>I+ <strong>Jacek Kici\u0144ski<\/strong> &#8211; za\u0142o\u017cyciel i prezes Szachowej Dw\u00f3jki, instruktor i s\u0119dzia szachowy<\/li><\/ul>\t\t\t\t\t\t\t\t<\/div>\n\t\t\t\t<\/div>\n\t\t\t\t<div class=\"elementor-element elementor-element-7879cb0 elementor-widget-divider--view-line_icon elementor-view-default elementor-widget-divider--element-align-center elementor-widget elementor-widget-divider\" data-id=\"7879cb0\" data-element_type=\"widget\" data-e-type=\"widget\" data-widget_type=\"divider.default\">\n\t\t\t\t<div class=\"elementor-widget-container\">\n\t\t\t\t\t\t\t<div class=\"elementor-divider\">\n\t\t\t<span class=\"elementor-divider-separator\">\n\t\t\t\t\t\t\t<div class=\"elementor-icon elementor-divider__element\">\n\t\t\t\t\t<i aria-hidden=\"true\" class=\"fas fa-star\"><\/i><\/div>\n\t\t\t\t\t\t<\/span>\n\t\t<\/div>\n\t\t\t\t\t\t<\/div>\n\t\t\t\t<\/div>\n\t\t\t\t<div class=\"elementor-element elementor-element-1ad48e5 elementor-widget elementor-widget-text-editor\" data-id=\"1ad48e5\" data-element_type=\"widget\" data-e-type=\"widget\" data-widget_type=\"text-editor.default\">\n\t\t\t\t<div class=\"elementor-widget-container\">\n\t\t\t\t\t\t\t\t\t<h3>Zaj\u0119cia dla pocz\u0105tkuj\u0105cych (bez kategorii szachowych, z V kategori\u0105, ewentualnie IV)<\/h3><p>Grupy dla pocz\u0105tkuj\u0105cych dzieci (czyli bez kategorii szachowych, z V kategori\u0105 szachow\u0105, ewentualnie IV):<\/p><ul><li>[od 8.09] wtorki 17-18 w Mediatece (prowadzi K. Jarz\u0119bowski)<\/li><li>[od 9.09] \u015brody 17-18 w Mediatece (prowadzi J. Kici\u0144ski) &#8211; KONTYNUACJA dla dzieci, kt\u00f3re ucz\u0119szcza\u0142y ju\u017c na nasze zaj\u0119cia lub minimum dobrze znaj\u0105 zasady gry w szachy i podstawy gry<\/li><li>[od 10.09] czwartki 17-18 w Mediatece (prowadzi K. Jarz\u0119bowski)<\/li><li><span style=\"word-spacing: normal;\">[od 11.09] pi\u0105tki 11:15-12:15 w Mediatece (prowadzi I. Rajlich)<\/span><\/li><li><span style=\"word-spacing: normal;\">[od 11.09] pi\u0105tki 16:25-17:25 w Mikroszkole (prowadzi M. Wierzbicki)<\/span><\/li><\/ul><p>Kierunkowo grupy w Mediatece s\u0105 dla m\u0142odszych dzieci do 9 lat (ur. 2017 i m\u0142odsi), grupa pi\u0105tkowa o 16:25 do 14 lat (ur. 2012 i m\u0142odsi). Mo\u017cliwe s\u0105 wyj\u0105tki. Nie wymagamy formalnej przynale\u017cno\u015bci do Szachowej Dw\u00f3jki. Grupy w Mediatece licz\u0105 do 10 os\u00f3b (ma\u0142a sala).<\/p><p>Dla cz\u0142onk\u00f3w Szachowej Dw\u00f3jki te zaj\u0119cia s\u0105 finansowane ze sk\u0142adek cz\u0142onkowskich opisanych <a href=\"https:\/\/szachygrodzisk.pl\/index.php\/skladki-czlonkowskie\/\">tutaj<\/a>.<\/p><p><span style=\"color: var( --e-global-color-text ); font-family: var( --e-global-typography-text-font-family ), Sans-serif; font-weight: var( --e-global-typography-text-font-weight ); word-spacing: normal;\">Dla pozosta\u0142ych uczestnik\u00f3w op\u0142aty to 80 z\u0142 miesi\u0119cznie za 1 godz. zaj\u0119\u0107 tygodniowo (niezale\u017cnie od liczby zaj\u0119\u0107 w miesi\u0105cu oraz od frekwencji &#8211; zaj\u0119cia s\u0105 kalkulowane p\u00f3\u0142rocznie z uwzgl\u0119dnieniem r\u00f3\u017cnej liczby zaj\u0119\u0107 w r\u00f3\u017cnych miesi\u0105cach). P\u0142atne <\/span><a style=\"font-family: var( --e-global-typography-text-font-family ), Sans-serif; font-weight: var( --e-global-typography-text-font-weight ); background-color: #ffffff; word-spacing: normal;\" href=\"https:\/\/szachygrodzisk.pl\/index.php\/uks-szachowa-dwojka-grodzisk-maz\/\">na konto Klubu<\/a><span style=\"color: var( --e-global-color-text ); font-family: var( --e-global-typography-text-font-family ), Sans-serif; font-weight: var( --e-global-typography-text-font-weight ); word-spacing: normal;\"> z g\u00f3ry do 5. dnia miesi\u0105ca. Zaj\u0119cia wrze\u015bniowe 50% (czyli 40 z\u0142). W szczeg\u00f3lnych przypadkach &#8211; do\u0142\u0105czenie do zaj\u0119\u0107 w ci\u0105gu miesi\u0105ca, d\u0142u\u017csze nieobecno\u015bci zg\u0142oszone z wyprzedzeniem &#8211; koszt zaj\u0119\u0107 to 30 z\u0142 za 1 godzin\u0119. Uczestnictwo w zaj\u0119ciach daje zni\u017cki \u201eklubowe\u201d na turniejach organizowanych przez Szachow\u0105 Dw\u00f3jk\u0119.<\/span><\/p><div>Zg\u0142oszenia nale\u017cy przesy\u0142a\u0107 mailem na adres\u00a0<a href=\"mailto:jkicinski@szachygrodzisk.pl\">jkicinski@szachygrodzisk.pl<\/a>. Przes\u0142anie zg\u0142oszenia drog\u0105 mailow\u0105 oznacza zgod\u0119 na przetwarzanie podanych danych w celu obs\u0142ugi rekrutacji na zaj\u0119cia oraz p\u00f3\u017aniej do realizacji cel\u00f3w statutowych Klubu. W zg\u0142oszeniu nale\u017cy poda\u0107:<\/div><ul><li>imi\u0119 i nazwisko dziecka, rok urodzenia<\/li><li>miejscowo\u015b\u0107 zamieszkania, szko\u0142\u0119 \/ przedszkole<\/li><li>znajomo\u015b\u0107 gry w szachy: czy dziecko wie, jak ruszaj\u0105 si\u0119 figury, czy na razie zupe\u0142nie nic nie wie o szachach<\/li><li>wybrany termin zaj\u0119\u0107<\/li><li>telefon kontaktowy<\/li><\/ul>\t\t\t\t\t\t\t\t<\/div>\n\t\t\t\t<\/div>\n\t\t\t\t<div class=\"elementor-element elementor-element-5d82434 elementor-widget-divider--view-line_icon elementor-view-default elementor-widget-divider--element-align-center elementor-widget elementor-widget-divider\" data-id=\"5d82434\" data-element_type=\"widget\" data-e-type=\"widget\" data-widget_type=\"divider.default\">\n\t\t\t\t<div class=\"elementor-widget-container\">\n\t\t\t\t\t\t\t<div class=\"elementor-divider\">\n\t\t\t<span class=\"elementor-divider-separator\">\n\t\t\t\t\t\t\t<div class=\"elementor-icon elementor-divider__element\">\n\t\t\t\t\t<i aria-hidden=\"true\" class=\"fas fa-star\"><\/i><\/div>\n\t\t\t\t\t\t<\/span>\n\t\t<\/div>\n\t\t\t\t\t\t<\/div>\n\t\t\t\t<\/div>\n\t\t\t\t<div class=\"elementor-element elementor-element-1d65f0f elementor-widget elementor-widget-text-editor\" data-id=\"1d65f0f\" data-element_type=\"widget\" data-e-type=\"widget\" data-widget_type=\"text-editor.default\">\n\t\t\t\t<div class=\"elementor-widget-container\">\n\t\t\t\t\t\t\t\t\t<h3>Zaj\u0119cia od IV kategorii szachowej<\/h3>\n<p><span style=\"word-spacing: normal;\">Zaj\u0119cia dla najsilniejszych zawodnik\u00f3w klubowych (stacjonarnie + online lub tylko stacjonarnie lub tylko online):<\/span><\/p>\n<ul>\n<li><span style=\"word-spacing: normal;\">grupa nr 1 (najsilniejsza, prawdopodobnie FIDE &gt; 1700)<\/span>\n<ul>\n<li><span style=\"word-spacing: normal;\">[od 8.09] wtorki 17:30-19:30 w Mikroszkole (prowadzi IM\/WGM I. Rajlich)<\/span><\/li>\n<li>[od 18.09] pi\u0105tki 18:30-20 online (prowadzi IM J. Fus)<\/li>\n<\/ul>\n<\/li>\n<li>grupa nr 2 (prawdopodobnie FIDE &gt; 1500)\n<ul>\n<li><span style=\"word-spacing: normal;\">[od 8.09] wtorki 18:00-19:30 w Mediatece (prowadzi K. Jarz\u0119bowski)<\/span><\/li>\n<li>[od 18.09] pi\u0105tki 17-18:30 online (prowadzi IM J. Fus)<\/li>\n<\/ul>\n<\/li>\n<li>grupa nr 3 (prawdopodobnie II kategorie)\n<ul>\n<li>[od 15.09] wtorki 18:30-20 online (prowadzi IM J. Fus)<\/li>\n<li>[od 11.09] pi\u0105tki 17:30-19:30 w Mikroszkole (prowadzi K. Jarz\u0119bowski)<\/li>\n<\/ul>\n<\/li>\n<\/ul>\n<p><span style=\"word-spacing: normal;\">Pozosta\u0142e grupy:<\/span><\/p>\n<ul>\n<li>[od 9.09] \u015brody 18-19:30 w Mediatece (prowadzi J. Kici\u0144ski) &#8211; grupa od trzeciej kategorii<\/li>\n<li>[od 10.09] czwartki 18-19:30 w Mediatece (prowadzi K. Jarz\u0119bowski) &#8211; grupa od czwartej kategorii<\/li>\n<li>[od 11.09] pi\u0105tki 9:30-11 w Mediatece (prowadzi I. Rajlich)<\/li>\n<li>[od 11.09] pi\u0105tki 17:30-19:30 w Mikroszkole (prowadz\u0105 M. Wierzbicki i K. Maciaszek) &#8211; dwie grupy od czwartej kategorii<\/li>\n<\/ul>\n<div>\n<p>Kilka razy w ci\u0105gu roku w pi\u0105tki b\u0119d\u0105 organizowane turnieje tematyczne w formule z poprzedniego roku szkolnego.<\/p>\n<p>Dla cz\u0142onk\u00f3w Szachowej Dw\u00f3jki zaj\u0119cia s\u0105 finansowane ze sk\u0142adek cz\u0142onkowskich opisanych&nbsp;<a href=\"https:\/\/szachygrodzisk.pl\/index.php\/skladki-czlonkowskie\/\">tutaj<\/a>.<\/p>\n<p><span style=\"word-spacing: normal;\">Dla pozosta\u0142ych uczestnik\u00f3w op\u0142aty to 80 z\u0142 miesi\u0119cznie za 1 godz. zaj\u0119\u0107 tygodniowo (niezale\u017cnie od liczby zaj\u0119\u0107 w miesi\u0105cu oraz od frekwencji &#8211; zaj\u0119cia s\u0105 kalkulowane p\u00f3\u0142rocznie z uwzgl\u0119dnieniem r\u00f3\u017cnej liczby zaj\u0119\u0107 w r\u00f3\u017cnych miesi\u0105cach). Czyli zaj\u0119cia 1,5 godz. to 120 z\u0142 miesi\u0119cznie. P\u0142atne&nbsp;<\/span><a style=\"background-color: #ffffff; word-spacing: normal;\" href=\"https:\/\/szachygrodzisk.pl\/index.php\/uks-szachowa-dwojka-grodzisk-maz\/\">na konto Klubu<\/a><span style=\"word-spacing: normal;\">&nbsp;z g\u00f3ry do 5. dnia miesi\u0105ca. Zaj\u0119cia wrze\u015bniowe 50%. W szczeg\u00f3lnych przypadkach &#8211; do\u0142\u0105czenie do zaj\u0119\u0107 w ci\u0105gu miesi\u0105ca, d\u0142u\u017csze nieobecno\u015bci zg\u0142oszone z wyprzedzeniem &#8211; koszt zaj\u0119\u0107 to 30 z\u0142 za 1 godzin\u0119 (45 z\u0142 za 1,5 godz.). Uczestnictwo w zaj\u0119ciach daje zni\u017cki \u201eklubowe\u201d na turniejach organizowanych przez Szachow\u0105 Dw\u00f3jk\u0119.<\/span><\/p>\n<div>Zg\u0142oszenia nale\u017cy przesy\u0142a\u0107 mailem na adres&nbsp;<a href=\"mailto:jkicinski@szachygrodzisk.pl\">jkicinski@szachygrodzisk.pl<\/a>. Przes\u0142anie zg\u0142oszenia drog\u0105 mailow\u0105 oznacza zgod\u0119 na przetwarzanie podanych danych w celu obs\u0142ugi rekrutacji na zaj\u0119cia oraz p\u00f3\u017aniej do realizacji cel\u00f3w statutowych Klubu. W zg\u0142oszeniu nale\u017cy poda\u0107:<\/div>\n<ul>\n<li>imi\u0119 i nazwisko dziecka, rok urodzenia<\/li>\n<li>miejscowo\u015b\u0107 zamieszkania, szko\u0142\u0119 \/ przedszkole<\/li>\n<li><span style=\"word-spacing: normal;\">wybrany termin zaj\u0119\u0107<\/span><\/li>\n<li>telefon kontaktowy<\/li>\n<\/ul>\n<\/div>\t\t\t\t\t\t\t\t<\/div>\n\t\t\t\t<\/div>\n\t\t\t\t<div class=\"elementor-element elementor-element-712a60c elementor-widget-divider--view-line_icon elementor-view-default elementor-widget-divider--element-align-center elementor-widget elementor-widget-divider\" data-id=\"712a60c\" data-element_type=\"widget\" data-e-type=\"widget\" data-widget_type=\"divider.default\">\n\t\t\t\t<div class=\"elementor-widget-container\">\n\t\t\t\t\t\t\t<div class=\"elementor-divider\">\n\t\t\t<span class=\"elementor-divider-separator\">\n\t\t\t\t\t\t\t<div class=\"elementor-icon elementor-divider__element\">\n\t\t\t\t\t<i aria-hidden=\"true\" class=\"fas fa-star\"><\/i><\/div>\n\t\t\t\t\t\t<\/span>\n\t\t<\/div>\n\t\t\t\t\t\t<\/div>\n\t\t\t\t<\/div>\n\t\t\t\t<div class=\"elementor-element elementor-element-2e20f78 elementor-widget elementor-widget-text-editor\" data-id=\"2e20f78\" data-element_type=\"widget\" data-e-type=\"widget\" data-widget_type=\"text-editor.default\">\n\t\t\t\t<div class=\"elementor-widget-container\">\n\t\t\t\t\t\t\t\t\t<h3>Inne planowane grupy<\/h3><p>Prawdopodobnie utworzymy r\u00f3wnie\u017c grupy:<\/p><ul><li>dla zer\u00f3wek w Szkole Podstawowej nr 2, zaj\u0119cia prawdopodobnie w pi\u0105tki, by\u0107 mo\u017ce r\u00f3wnie\u017c zaj\u0119cia dla klas I-III<\/li><li>online dla IV i III kategorii &#8211; prawdopodobnie od pa\u017adziernika<\/li><li>tradycyjne czwartkowe p\u00f3\u0142 godzinki z szachami (online) &#8211; prawdopodobnie od pa\u017adziernika<\/li><\/ul>\t\t\t\t\t\t\t\t<\/div>\n\t\t\t\t<\/div>\n\t\t\t\t<div class=\"elementor-element elementor-element-04330c4 elementor-widget-divider--view-line_icon elementor-view-default elementor-widget-divider--element-align-center elementor-widget elementor-widget-divider\" data-id=\"04330c4\" data-element_type=\"widget\" data-e-type=\"widget\" data-widget_type=\"divider.default\">\n\t\t\t\t<div class=\"elementor-widget-container\">\n\t\t\t\t\t\t\t<div class=\"elementor-divider\">\n\t\t\t<span class=\"elementor-divider-separator\">\n\t\t\t\t\t\t\t<div class=\"elementor-icon elementor-divider__element\">\n\t\t\t\t\t<i aria-hidden=\"true\" class=\"fas fa-star\"><\/i><\/div>\n\t\t\t\t\t\t<\/span>\n\t\t<\/div>\n\t\t\t\t\t\t<\/div>\n\t\t\t\t<\/div>\n\t\t\t\t<div class=\"elementor-element elementor-element-38ae794 elementor-widget elementor-widget-text-editor\" data-id=\"38ae794\" data-element_type=\"widget\" data-e-type=\"widget\" data-widget_type=\"text-editor.default\">\n\t\t\t\t<div class=\"elementor-widget-container\">\n\t\t\t\t\t\t\t\t\t<p>Obowi\u0105zuj\u0105ca w Szachowej Dw\u00f3jce <em>Polityka w zakresie standard\u00f3w ochrony ma\u0142oletnich<\/em> zosta\u0142a zamieszczona w zak\u0142adce <a href=\"https:\/\/szachygrodzisk.pl\/index.php\/uks-szachowa-dwojka-grodzisk-maz\/\">Klub<\/a>.<\/p>\t\t\t\t\t\t\t\t<\/div>\n\t\t\t\t<\/div>\n\t\t\t\t\t<\/div>\n\t\t<\/div>\n\t\t\t\t\t<\/div>\n\t\t<\/section>\n\t\t\t\t<\/div>\n\t\t","protected":false},"excerpt":{"rendered":"<p>Poni\u017cej przestawiamy plan zaj\u0119\u0107 w roku szkolnym 2026\/27. Plan b\u0119dzie aktualizowany w miar\u0119 kolejnych ustale\u0144. Zapraszamy na dzie\u0144 otwarty do Mediateki w sobot\u0119 19 wrze\u015bnia w godz. 15-17. B\u0119dzie to okazja by nas pozna\u0107, porozmawia\u0107 o szachach, o zaj\u0119ciach, zagra\u0107. Dzie\u0144 otwarty organizujemy r\u00f3wnolegle z X Mistrzostwami Grodziska Mazowieckiego Junior\u00f3w. Cotygodniowe spotkania uzupe\u0142niamy intensywnymi weekendowymi akademiami &#8211; terminy i szczeg\u00f3\u0142y wkr\u00f3tce. Lokalizacje zaj\u0119\u0107: Mediateka &#8211; ul. 3 Maja 57, ma\u0142a salka na I pi\u0119trze Mikroszko\u0142a Grodzisk (nowe miejsce) &#8211; ul. Ko\u015bciuszki 28 (centrum miasta) Szko\u0142a Podstawowa nr 2 &#8211; ul. Westfala 3 Nasze zaj\u0119cia prowadz\u0105 kompetentni, sympatyczni i zaanga\u017cowani instruktorzy:&hellip;<\/p>\n<p> <a class=\"more-link\" href=\"https:\/\/szachygrodzisk.pl\/index.php\/zajecia-2026-27\/\">Dowiedz si\u0119 wi\u0119cej<\/a><\/p>\n","protected":false},"author":2,"featured_media":0,"parent":0,"menu_order":0,"comment_status":"closed","ping_status":"closed","template":"","meta":{"_monsterinsights_skip_tracking":false,"footnotes":""},"class_list":["post-12528","page","type-page","status-publish"],"_links":{"self":[{"href":"https:\/\/szachygrodzisk.pl\/index.php\/wp-json\/wp\/v2\/pages\/12528","targetHints":{"allow":["GET"]}}],"collection":[{"href":"https:\/\/szachygrodzisk.pl\/index.php\/wp-json\/wp\/v2\/pages"}],"about":[{"href":"https:\/\/szachygrodzisk.pl\/index.php\/wp-json\/wp\/v2\/types\/page"}],"author":[{"embeddable":true,"href":"https:\/\/szachygrodzisk.pl\/index.php\/wp-json\/wp\/v2\/users\/2"}],"replies":[{"embeddable":true,"href":"https:\/\/szachygrodzisk.pl\/index.php\/wp-json\/wp\/v2\/comments?post=12528"}],"version-history":[{"count":13,"href":"https:\/\/szachygrodzisk.pl\/index.php\/wp-json\/wp\/v2\/pages\/12528\/revisions"}],"predecessor-version":[{"id":12547,"href":"https:\/\/szachygrodzisk.pl\/index.php\/wp-json\/wp\/v2\/pages\/12528\/revisions\/12547"}],"wp:attachment":[{"href":"https:\/\/szachygrodzisk.pl\/index.php\/wp-json\/wp\/v2\/media?parent=12528"}],"curies":[{"name":"wp","href":"https:\/\/api.w.org\/{rel}","templated":true}]}}